{"id":7246,"date":"2019-03-14T11:26:45","date_gmt":"2019-03-14T11:26:45","guid":{"rendered":"https:\/\/q3autoimports.com.br\/loja\/cabecote-volkswagen-fox-gol-voyage-1-6-8v-motor-power-novo-032103373t\/"},"modified":"2024-09-09T13:21:57","modified_gmt":"2024-09-09T13:21:57","slug":"volkswagen-fox-gol-voyage-1-6-8v-motor-power-head-new-032103373t","status":"publish","type":"product","link":"https:\/\/q3autoimports.com.br\/en\/volkswagen-fox-gol-voyage-1-6-8v-motor-power-head-new-032103373t\/","title":{"rendered":"Volkswagen Fox\/Gol\/Voyage 1.6 8V Power Motor New Cylinder Head (032103373T)"},"content":{"rendered":"<h2 style=\"font-family: RobotoRegular; color: #333333; margin-top: 20px; margin-bottom: 10px;\"><\/h2>\n<h2 style=\"margin-bottom: 6.4pt; line-height: normal;\"><b>Venda de cabe\u00e7ote\u00a0Volkswagen Fox\/Gol\/Voyage 1.6 8V Motor Power<\/b><\/h2>\n<h2 style=\"margin-bottom: 6.4pt; line-height: normal;\"><iframe class=\"note-video-clip\" src=\"\/\/www.youtube.com\/embed\/Vyj1OnGM4fs\" width=\"640\" height=\"360\" frameborder=\"0\"><\/iframe><\/h2>\n<p class=\"MsoNormal\"><span style=\"font-family: Helvetica;\">O cabe\u00e7ote da Volkswagen Power 1.6 8 v\u00e1lvulas, serve nos modelos a partir do ano de 2004 at\u00e9 o ano de 2017. O cabe\u00e7ote possui altura original standard de\u00a0136mm. Esse produto \u00e9 novo e aplica-se nos Gol, Fox, Voyage, Polo e Parati da montadora Volkswagen. Produto de alta qualidade e durabilidade, proporcionando mais seguran\u00e7a para voc\u00ea e seu ve\u00edculo.<\/span><\/p>\n<p class=\"MsoNormal\"><span style=\"font-family: Helvetica;\">\u00a0<\/span><\/p>\n<p class=\"MsoNormal\" style=\"margin: 7.5pt 0cm; font-size: 1em; line-height: normal;\"><span style=\"font-family: Helvetica;\"><span style=\"font-weight: bold;\"><span style=\"font-size: 11.5pt;\">Tabela de altura Cabe\u00e7ote Volkswagen 1.6 Power EA-111<\/span><\/span><\/span><\/p>\n<table class=\"MsoTable15Plain1\" style=\"width: 311.6pt; border: none;\" border=\"1\" width=\"415\" cellspacing=\"0\" cellpadding=\"0\">\n<tbody>\n<tr style=\"height: 27.35pt;\">\n<td style=\"padding: 0cm 5.4pt; width: 311.6pt; border: 1pt solid #bfbfbf; height: 27.35pt;\" colspan=\"3\" valign=\"top\" width=\"415\">\n<p class=\"MsoNormal\" style=\"margin-bottom: 0cm; font-size: 1em; text-align: center; line-height: normal;\" align=\"center\"><span style=\"font-family: Helvetica;\"><span style=\"font-weight: bold;\"><span style=\"font-size: 12pt;\">Altura do cabe\u00e7ote Volkswagen\u00a0 1.6 8V EA-111<\/span><\/span><\/span><\/p>\n<p class=\"MsoNormal\" style=\"margin-bottom: 0cm; font-size: 1em; line-height: normal;\"><span style=\"font-size: 12pt;\"><span style=\"font-family: Helvetica;\">\u00a0<\/span><\/span><\/p>\n<\/td>\n<\/tr>\n<tr style=\"height: 33.65pt;\">\n<td style=\"padding: 0cm 5.4pt; border-right: 1pt solid #bfbfbf; border-bottom: 1pt solid #bfbfbf; border-left: 1pt solid #bfbfbf; border-image: initial; border-top: none; background: #f2f2f2; height: 33.65pt;\" valign=\"top\">\n<p class=\"MsoNormal\" style=\"margin-bottom: 0cm; font-size: 1em; line-height: normal;\"><span style=\"font-family: Helvetica;\"><span style=\"font-weight: bold;\"><span style=\"font-size: 12pt;\">Modelo<\/span><\/span><\/span><\/p>\n<\/td>\n<td style=\"padding: 0cm 5.4pt; width: 99.6pt; border-top: none; border-left: none; border-bottom: 1pt solid #bfbfbf; border-right: 1pt solid #bfbfbf; background: #f2f2f2; height: 33.65pt;\" valign=\"top\" width=\"133\">\n<p class=\"MsoNormal\" style=\"margin-bottom: 0cm; font-size: 1em; line-height: normal;\"><span style=\"font-family: Helvetica;\"><span style=\"font-weight: bold;\"><span style=\"font-size: 12pt;\">\u00a0Altura Standard<\/span><\/span><\/span><\/p>\n<\/td>\n<td style=\"padding: 0cm 5.4pt; width: 111.25pt; border-top: none; border-left: none; border-bottom: 1pt solid #bfbfbf; border-right: 1pt solid #bfbfbf; background: #f2f2f2; height: 33.65pt;\" valign=\"top\" width=\"148\">\n<p class=\"MsoNormal\" style=\"margin-bottom: 0cm; font-size: 1em; text-align: center; line-height: normal;\" align=\"center\"><span style=\"font-family: Helvetica;\"><span style=\"font-weight: bold;\"><span style=\"font-size: 10.5pt;\">Altura M\u00ednima<\/span><\/span><\/span><\/p>\n<\/td>\n<\/tr>\n<tr style=\"height: 33.65pt;\">\n<td style=\"padding: 0cm 5.4pt; border-right: 1pt solid #bfbfbf; border-bottom: 1pt solid #bfbfbf; border-left: 1pt solid #bfbfbf; border-image: initial; border-top: none; height: 33.65pt;\" valign=\"top\">\n<p class=\"MsoNormal\" style=\"margin-bottom: 0cm; font-size: 1em; line-height: normal;\"><span style=\"font-weight: bold;\"><span style=\"font-size: 12pt;\"><span style=\"font-family: Helvetica;\">Power EA_111<\/span><\/span><\/span><\/p>\n<\/td>\n<td style=\"padding: 0cm 5.4pt; width: 99.6pt; border-top: none; border-left: none; border-bottom: 1pt solid #bfbfbf; border-right: 1pt solid #bfbfbf; height: 33.65pt;\" valign=\"top\" width=\"133\">\n<p class=\"MsoNormal\" style=\"margin-bottom: 0cm; font-size: 1em; line-height: normal;\"><span style=\"font-family: Helvetica;\"><span style=\"font-size: 10.5pt; background-image: initial; background-position: initial; background-size: initial; background-repeat: initial; background-attachment: initial; background-origin: initial; background-clip: initial;\">136,00 mm<\/span><\/span><\/p>\n<\/td>\n<td style=\"padding: 0cm 5.4pt; width: 111.25pt; border-top: none; border-left: none; border-bottom: 1pt solid #bfbfbf; border-right: 1pt solid #bfbfbf; height: 33.65pt;\" valign=\"top\" width=\"148\">\n<p class=\"MsoNormal\" style=\"margin-bottom: 0cm; font-size: 1em; text-align: center; line-height: normal;\" align=\"center\"><span style=\"font-family: Helvetica;\"><span style=\"font-size: 10.5pt; background-image: initial; background-position: initial; background-size: initial; background-repeat: initial; background-attachment: initial; background-origin: initial; background-clip: initial;\">135,00 mm<\/span><\/span><\/p>\n<div><span style=\"font-size: 10.5pt; background-image: initial; background-position: initial; background-size: initial; background-repeat: initial; background-attachment: initial; background-origin: initial; background-clip: initial;\"><span style=\"font-family: Helvetica;\">\u00a0<\/span><\/span><\/div>\n<\/td>\n<\/tr>\n<\/tbody>\n<\/table>\n<p class=\"MsoNormal\"><span style=\"font-family: Helvetica;\"><br \/>\n<b> Especifica\u00e7\u00e3o t\u00e9cnica:<\/b><\/span><\/p>\n<p class=\"MsoNormal\"><span style=\"font-family: Helvetica;\"><b> Medida:<\/b> 136mm<br \/>\n<b> Ano:<\/b> 2004 At\u00e9 2017<br \/>\n<b> Montadora:<\/b> Volkswagen<br \/>\n<b> Motor:<\/b> 1.6 8v EA-111<br \/>\n<b> N\u00famero Original:<\/b> 032103373T<\/span><\/p>\n<p class=\"MsoNormal\"><span style=\"font-family: Helvetica;\">\u00a0<\/span><\/p>\n<p class=\"MsoNormal\"><span style=\"font-family: Helvetica;\">\u00a0<\/span><\/p>\n<p class=\"MsoNormal\"><span style=\"font-family: Helvetica;\"><b>Aplica\u00e7\u00e3o:<\/b><\/span><\/p>\n<p class=\"MsoNormal\"><span style=\"font-family: Helvetica;\">Cabe\u00e7ote Volkswagen Saveiro 1.6 8V 2010-2011-202-2013-2014-2015-2016-2017<\/span><\/p>\n<p class=\"MsoNormal\"><span style=\"font-family: Helvetica;\"> Cabe\u00e7ote Volkswagen Golf L\u2018l&#8217;j 1.6 8V 2008-2009-2011-202-2013-2014<\/span><\/p>\n<p class=\"MsoNormal\"><span style=\"font-family: Helvetica;\"> Cabe\u00e7ote Volkswagen Golf 1.6 8V 2008-2009-2011-202-2013-2014<\/span><\/p>\n<p class=\"MsoNormal\"><span style=\"font-family: Helvetica;\"> Cabe\u00e7ote Volkswagen Parati 4p 1.6 8V 2011-2012-2013<\/span><\/p>\n<p class=\"MsoNormal\"><span style=\"font-family: Helvetica;\"> Cabe\u00e7ote Volkswagen Polo\/Virtus 1.6 8V 2007-2008-2009-2011-202-2013-2014-2015<\/span><\/p>\n<p class=\"MsoNormal\"><span style=\"font-family: Helvetica;\"> Cabe\u00e7ote Volkswagen Gol 1.6 8V 2009-2010-2011-202-2013-2014-2015-2016-2017<\/span><\/p>\n<p class=\"MsoNormal\"><span style=\"font-family: Helvetica;\"> Cabe\u00e7ote Volkswagen Transporter Kombi 1.6 8V 2006-2017-2008-2009-2011-202-2013-2014<\/span><\/p>\n<p class=\"MsoNormal\"><span style=\"font-family: Helvetica;\"> Cabe\u00e7ote Volkswagen Voyage 1.6 8V 2009-2010-2011-2012-2013-2014<\/span><\/p>\n<p class=\"MsoNormal\"><span style=\"font-family: Helvetica;\"> Cabe\u00e7ote Volkswagen Spacefox 1.6 8V 2006-2007-2008-2009-2011-202-2013-2014-2015<\/span><\/p>\n<p class=\"MsoNormal\"><span style=\"font-family: Helvetica;\"> Cabe\u00e7ote Volkswagen Fox 1.6 8V 2004-2005-2006-2007-2008-2009-2011-202-2013-2014-2015<\/span><\/p>\n<p class=\"MsoNormal\"><span style=\"font-family: Helvetica;\"> Cabe\u00e7ote Volkswagen Polo Sedan 1.6 8V 2007-2008-2009-2011-202-2013-2014-2015<\/span><\/p>\n<p class=\"MsoNormal\"><span style=\"font-family: Verdana;\">\u00a0<\/span><\/p>\n<div style=\"text-align: justify;\"><span style=\"color: inherit;\"><span style=\"font-weight: bold;\">Torque do cabe\u00e7ote Power EA-111\u00a0<\/span><\/span><\/div>\n<div style=\"text-align: justify;\"><span style=\"color: inherit;\">\u00a0<\/span><\/div>\n<div style=\"text-align: justify;\">\n<table class=\"MsoNormalTable\" style=\"background: white; width: 412.5pt; margin-left: -0.4pt;\" border=\"1\" width=\"550\" cellspacing=\"0\" cellpadding=\"0\">\n<tbody>\n<tr style=\"height: 22.5pt;\">\n<td style=\"padding: 0cm; height: 22.5pt;\" colspan=\"9\">\n<p class=\"MsoNormal\" style=\"margin-bottom: 0cm; font-size: 1em; text-align: center; line-height: normal;\" align=\"center\"><span style=\"font-weight: bold;\"><span style=\"font-size: 10.5pt; font-family: Helvetica, sans-serif;\">Torque\u00a0 do cabe\u00e7ote EA 111<\/span><\/span><span style=\"font-size: 10.5pt; font-family: Helvetica, sans-serif;\">\u00a01.0 e 1.6 8V<\/span><\/p>\n<\/td>\n<\/tr>\n<tr>\n<td style=\"padding: 0cm;\">\n<p class=\"MsoNormal\" style=\"margin-bottom: 0cm; font-size: 1em; line-height: normal;\"><span style=\"font-weight: bold;\"><span style=\"font-size: 10.5pt; font-family: Helvetica, sans-serif;\">Tabela de Torque<\/span><\/span><\/p>\n<\/td>\n<td style=\"padding: 0cm;\">\n<p class=\"MsoNormal\" style=\"margin-bottom: 0cm; font-size: 1em; text-align: center; line-height: normal;\" align=\"center\"><span style=\"font-weight: bold;\"><span style=\"font-size: 10.5pt; font-family: Helvetica, sans-serif;\">Nm<\/span><\/span><\/p>\n<\/td>\n<td style=\"padding: 0cm;\" colspan=\"7\">\n<p class=\"MsoNormal\" style=\"margin-bottom: 0cm; font-size: 1em; text-align: center; line-height: normal;\" align=\"center\"><span style=\"font-weight: bold;\"><span style=\"font-size: 10.5pt; font-family: Helvetica, sans-serif;\">(+) Angular\u00a0<\/span><\/span><span style=\"font-weight: bold;\"><span style=\"font-size: 10.5pt; font-family: 'Cambria Math', serif;\">\u2220<\/span><\/span><\/p>\n<\/td>\n<\/tr>\n<tr>\n<td style=\"padding: 0cm; width: 94.3pt;\" width=\"126\">\n<p class=\"MsoNormal\" style=\"margin-bottom: 0cm; font-size: 1em; line-height: normal;\"><span style=\"font-size: 10.5pt; font-family: Helvetica, sans-serif;\">Etapas<\/span><\/p>\n<\/td>\n<td style=\"padding: 0cm; width: 39pt;\" width=\"52\">\n<p class=\"MsoNormal\" style=\"margin-bottom: 0cm; font-size: 1em; text-align: center; line-height: normal;\" align=\"center\"><span style=\"font-size: 10.5pt; font-family: Helvetica, sans-serif;\">1<\/span><\/p>\n<\/td>\n<td style=\"padding: 0cm; width: 39pt;\" width=\"52\">\n<p class=\"MsoNormal\" style=\"margin-bottom: 0cm; font-size: 1em; text-align: center; line-height: normal;\" align=\"center\"><span style=\"font-size: 10.5pt; font-family: Helvetica, sans-serif;\">2<\/span><\/p>\n<\/td>\n<td style=\"padding: 0cm; width: 39pt;\" width=\"52\">\n<p class=\"MsoNormal\" style=\"margin-bottom: 0cm; font-size: 1em; text-align: center; line-height: normal;\" align=\"center\"><span style=\"font-size: 10.5pt; font-family: Helvetica, sans-serif;\">3<\/span><\/p>\n<\/td>\n<td style=\"padding: 0cm; width: 40.55pt;\" width=\"54\">\n<p class=\"MsoNormal\" style=\"margin-bottom: 0cm; font-size: 1em; text-align: center; line-height: normal;\" align=\"center\"><span style=\"font-size: 10.5pt; font-family: Helvetica, sans-serif;\">4<\/span><\/p>\n<\/td>\n<td style=\"padding: 0cm; width: 40.55pt;\" width=\"54\">\n<p class=\"MsoNormal\" style=\"margin-bottom: 0cm; font-size: 1em; text-align: center; line-height: normal;\" align=\"center\"><span style=\"font-size: 10.5pt; font-family: Helvetica, sans-serif;\">5<\/span><\/p>\n<\/td>\n<td style=\"padding: 0cm; width: 40.55pt;\" width=\"54\">\n<p class=\"MsoNormal\" style=\"margin-bottom: 0cm; font-size: 1em; text-align: center; line-height: normal;\" align=\"center\"><span style=\"font-size: 10.5pt; font-family: Helvetica, sans-serif;\">6<\/span><\/p>\n<\/td>\n<td style=\"padding: 0cm; width: 40.55pt;\" width=\"54\">\n<p class=\"MsoNormal\" style=\"margin-bottom: 0cm; font-size: 1em; text-align: center; line-height: normal;\" align=\"center\"><span style=\"font-size: 10.5pt; font-family: Helvetica, sans-serif;\">7<\/span><\/p>\n<\/td>\n<td style=\"padding: 0cm; width: 39pt;\" width=\"52\">\n<p class=\"MsoNormal\" style=\"margin-bottom: 0cm; font-size: 1em; text-align: center; line-height: normal;\" align=\"center\"><span style=\"font-size: 10.5pt; font-family: Helvetica, sans-serif;\">8<\/span><\/p>\n<\/td>\n<\/tr>\n<tr>\n<td style=\"padding: 0cm;\">\n<p class=\"MsoNormal\" style=\"margin-bottom: 0cm; font-size: 1em; line-height: normal;\"><span style=\"font-size: 10.5pt; font-family: Helvetica, sans-serif;\">Parafuso Cabe\u00e7ote<\/span><\/p>\n<\/td>\n<td style=\"padding: 0cm;\">\n<p class=\"MsoNormal\" style=\"margin-bottom: 0cm; font-size: 1em; text-align: center; line-height: normal;\" align=\"center\"><span style=\"font-size: 10.5pt; font-family: Helvetica, sans-serif;\">30 Nm<\/span><\/p>\n<\/td>\n<td style=\"padding: 0cm;\">\n<p class=\"MsoNormal\" style=\"margin-bottom: 0cm; font-size: 1em; text-align: center; line-height: normal;\" align=\"center\"><span style=\"font-size: 10.5pt; font-family: Helvetica, sans-serif;\">90\u00ba<\/span><\/p>\n<\/td>\n<td style=\"padding: 0cm;\">\n<p class=\"MsoNormal\" style=\"margin-bottom: 0cm; font-size: 1em; text-align: center; line-height: normal;\" align=\"center\"><span style=\"font-size: 10.5pt; font-family: Helvetica, sans-serif;\">90\u00ba<\/span><\/p>\n<\/td>\n<td style=\"padding: 0cm;\"><\/td>\n<td style=\"padding: 0cm;\"><\/td>\n<td style=\"padding: 0cm;\"><\/td>\n<td style=\"padding: 0cm;\"><\/td>\n<td style=\"padding: 0cm;\"><\/td>\n<\/tr>\n<tr>\n<td style=\"padding: 0cm;\" colspan=\"9\">\n<p class=\"MsoNormal\" style=\"margin-bottom: 0cm; font-size: 1em; text-align: center; line-height: normal;\" align=\"center\"><span style=\"font-weight: bold;\"><span style=\"font-size: 10.5pt; font-family: Helvetica, sans-serif;\">Sequ\u00eancia de Aperto Cabe\u00e7ote EA111<\/span><\/span><span style=\"font-size: 10.5pt; font-family: Helvetica, sans-serif;\"><\/p>\n<p><\/span><\/p>\n<p class=\"MsoNormal\" style=\"margin-bottom: 0cm; font-size: 1em; text-align: center; line-height: normal;\" align=\"center\"><span style=\"font-size: 10.5pt; font-family: Helvetica, sans-serif;\">\u00a0<\/span><img decoding=\"async\" style=\"width: 278px;\" src=\"https:\/\/q3autoimports.com.br\/wp-content\/uploads\/2018\/06\/torque-do-cabecote-ea-111.png\" \/><\/p>\n<p class=\"MsoNormal\" style=\"margin-bottom: 0cm; font-size: 1em; text-align: center; line-height: normal;\" align=\"center\"><span style=\"font-size: 10.5pt; font-family: Helvetica, sans-serif;\">\u00a0<\/span><\/p>\n<\/td>\n<\/tr>\n<tr>\n<td style=\"padding: 0cm;\" colspan=\"2\">\n<p class=\"MsoNormal\" style=\"margin-bottom: 0cm; font-size: 1em; line-height: normal;\"><span style=\"font-size: 10.5pt; font-family: Helvetica, sans-serif;\">Altura m\u00ednima do cabe\u00e7ote<\/span><\/p>\n<\/td>\n<td style=\"padding: 0cm;\" colspan=\"2\">\n<p class=\"MsoNormal\" style=\"margin-bottom: 0cm; font-size: 1em; line-height: normal;\"><span style=\"font-size: 10.5pt; font-family: Helvetica, sans-serif;\">135,2<\/span><\/p>\n<\/td>\n<td style=\"padding: 0cm;\" colspan=\"4\">\n<p class=\"MsoNormal\" style=\"margin-bottom: 0cm; font-size: 1em; line-height: normal;\"><span style=\"font-size: 10.5pt; font-family: Helvetica, sans-serif;\">Altura Padr\u00e3o (STD) do cabe\u00e7ote<\/span><\/p>\n<\/td>\n<td style=\"padding: 0cm;\">\n<p class=\"MsoNormal\" style=\"margin-bottom: 0cm; font-size: 1em; line-height: normal;\"><span style=\"font-size: 10.5pt; font-family: Helvetica, sans-serif;\">136<\/span><\/p>\n<\/td>\n<\/tr>\n<\/tbody>\n<\/table>\n<\/div>\n<p>&nbsp;<\/p>\n<p class=\"MsoNormal\">\n<span style=\"font-family: Helvetica;\"> Na Q3 voc\u00ea encontra o melhor cabe\u00e7ote\u00a0Volkswagen Power 1.6 8 v\u00e1lvulas! Somos uma das marcas refer\u00eancia no mercado automobil\u00edstico sendo especializada na venda de cabe\u00e7otes novos. Se voc\u00ea est\u00e1 \u00e0 procura do cabe\u00e7ote\u00a0da Volkswagen Power 1.6 8 v\u00e1lvulas, ent\u00e3o encontrou o lugar certo. Acompanhe a seguir todas as informa\u00e7\u00f5es deste produto. Em caso de d\u00favidas, entre em contato com a nossa equipe. Atendemos propriet\u00e1rios de ve\u00edculos e mec\u00e2nicas.<\/p>\n<p><b> Acompanha pe\u00e7as para montagem:<\/b> n\u00e3o<br \/>\n<b> Prazo de devolu\u00e7\u00e3o:<\/b> 7 dias<br \/>\n<b> Local de envio:<\/b> Enviamos para todo o Brasil<br \/>\n<b> Forma de envio:<\/b> via Correios (Sedex ou PAC), transporte a\u00e9reo e\/ou transportadora, dependendo da sua necessidade de agilidade na entrega. Para as regi\u00f5es de at\u00e9 200 km de S\u00e3o Paulo enviamos por motoboy.<br \/>\n<b> Garantia:<\/b>\u00a03 meses<\/p>\n<p><b> Observa\u00e7\u00f5es Gerais:<\/b><br \/>\nPara realizar a montagem, ser\u00e1 necess\u00e1ria a compra de pe\u00e7as novas ou utiliza\u00e7\u00e3o de pe\u00e7as que j\u00e1 possua.<br \/>\nN\u00e3o trocaremos pe\u00e7as que foram retificadas ou danificadas, portanto verifique o produto antes de mont\u00e1-lo.<br \/>\nConsulte-nos caso tenha alguma d\u00favida quanto ao frete.<\/p>\n<p>Essa \u00e9 a sua grande oportunidade para comprar o melhor cabe\u00e7ote\u00a0Volkswagen Power 1.6 8 v\u00e1lvulas\u00a0do mercado. Se necessita de mais op\u00e7\u00f5es de pe\u00e7as, ent\u00e3o consulte toda a nossa linha de cabe\u00e7otes para carros Volkswagen, entre outros modelos da fabricante. Aproveite!<\/span><\/p>\n<p class=\"MsoNormal\">\n<p class=\"MsoNormal\">\n<p class=\"MsoNormal\">\n<p class=\"MsoNormal\">\n<p class=\"MsoNormal\"><!-- [if !supportLineBreakNewLine]--> <!--[endif]--><\/p>\n<p class=\"MsoNormal\">\n<p class=\"MsoNormal\">\n<p class=\"MsoNormal\">\n<p class=\"MsoNormal\">\n<p class=\"MsoNormal\">\n<p class=\"MsoNormal\">\n<p class=\"MsoNormal\">\n<p class=\"MsoNormal\">\n<p class=\"MsoNormal\">\n<p class=\"MsoNormal\">\n<p class=\"MsoNormal\">\n<p class=\"MsoNormal\">\n<p class=\"MsoNormal\">\n<p class=\"MsoNormal\">\n","protected":false},"excerpt":{"rendered":"<p>Sale of cylinder head Volkswagen Fox\/Gol\/Voyage 1.6 8V Motor Power The cylinder head of the Volkswagen Power 1.6 8 valves, fits models a<\/p>","protected":false},"featured_media":10806,"comment_status":"open","ping_status":"closed","template":"","meta":[],"product_cat":[154,151,124],"product_tag":[556],"class_list":["post-7246","product","type-product","status-publish","has-post-thumbnail","hentry","product_cat-cabecotes-novos-fox","product_cat-cabecotes-novos-gol","product_cat-novos-cabecotes-volkswagen","product_tag-cabecote-volkswagen-fox-1-6-8v-motor-power-novo"],"_links":{"self":[{"href":"https:\/\/q3autoimports.com.br\/en\/wp-json\/wp\/v2\/product\/7246","targetHints":{"allow":["GET"]}}],"collection":[{"href":"https:\/\/q3autoimports.com.br\/en\/wp-json\/wp\/v2\/product"}],"about":[{"href":"https:\/\/q3autoimports.com.br\/en\/wp-json\/wp\/v2\/types\/product"}],"replies":[{"embeddable":true,"href":"https:\/\/q3autoimports.com.br\/en\/wp-json\/wp\/v2\/comments?post=7246"}],"wp:featuredmedia":[{"embeddable":true,"href":"https:\/\/q3autoimports.com.br\/en\/wp-json\/wp\/v2\/media\/10806"}],"wp:attachment":[{"href":"https:\/\/q3autoimports.com.br\/en\/wp-json\/wp\/v2\/media?parent=7246"}],"wp:term":[{"taxonomy":"product_cat","embeddable":true,"href":"https:\/\/q3autoimports.com.br\/en\/wp-json\/wp\/v2\/product_cat?post=7246"},{"taxonomy":"product_tag","embeddable":true,"href":"https:\/\/q3autoimports.com.br\/en\/wp-json\/wp\/v2\/product_tag?post=7246"}],"curies":[{"name":"wp","href":"https:\/\/api.w.org\/{rel}","templated":true}]}}